{"id":12,"date":"2015-05-20T09:08:23","date_gmt":"2015-05-20T09:08:23","guid":{"rendered":"http:\/\/themes.muffingroup.com\/be\/bikerental\/?page_id=12"},"modified":"2018-01-02T16:29:20","modified_gmt":"2018-01-02T16:29:20","slug":"cities-prices","status":"publish","type":"page","link":"https:\/\/murciaenbici.org\/?page_id=12","title":{"rendered":"CONTACTAR"},"content":{"rendered":"\n<p>&nbsp;<\/p>\n<p>&nbsp;<\/p>\n<p>&nbsp;<\/p>\n<p><span style=\"font-size: 12pt; font-family: verdana,geneva;\">Puedes contactar con nosotros de <strong>seis formas:<\/strong><\/span><\/p>\n<p>&nbsp;<\/p>\n<p style=\"line-height: 14pt; margin-bottom: 0in;\"><span style=\"font-size: 14pt; font-family: verdana,geneva;\">1. Por <strong>correo el\u00e9ctronico:<\/strong> <\/span><\/p>\n<p style=\"line-height: 14pt; margin-bottom: 0in;\"><span style=\"font-size: 12pt; font-family: verdana,geneva;\">&nbsp;<\/span><\/p>\n<p style=\"line-height: 14pt; margin-bottom: 0in;\"><span style=\"font-size: 12pt; font-family: verdana,geneva;\">Seg\u00fan la tem\u00e1tica a las siguientes direcciones:<\/span><\/p>\n<p style=\"line-height: 14pt; margin-bottom: 0in;\"><span style=\"font-size: 12pt; font-family: verdana,geneva;\">&nbsp;<\/span><\/p>\n<p style=\"line-height: 18pt; margin-bottom: 0in; text-align: right;\"><span style=\"font-size: 12pt; font-family: verdana,geneva;\"><strong>&#8211; Informaci\u00f3n.<\/strong><br \/>\n <script language=\"JavaScript\" type=\"text\/javascript\">\n <!--\n var prefix = 'm&#97;&#105;lt&#111;:';\n var suffix = '';\n var attribs = '';\n var path = 'hr' + 'ef' + '=';\n var addy67234 = '&#105;nf&#111;' + '&#64;';\n addy67234 = addy67234 + 'm&#117;rc&#105;&#97;&#101;nb&#105;c&#105;' + '&#46;' + '&#111;rg';\n document.write( '<a ' + path + '\\'' + prefix + addy67234 + suffix + '\\'' + attribs + '>' );\n document.write( addy67234 );\n document.write( '<\\\/a>' );\n \/\/-->\n <\/script><a href=\"mailto:info@murciaenbici.org\">info@murciaenbici.org<\/a><script language=\"JavaScript\" type=\"text\/javascript\">\n <!--\n document.write( '<span style=\\'display: none;\\'>' );\n \/\/-->\n <\/script><span style=\"display: none;\">Esta direcci\u00f3n electr\u00f3nica esta protegida contra spam bots. Necesita activar JavaScript para visualizarla<br \/>\n <script language=\"JavaScript\" type=\"text\/javascript\">\n <!--\n document.write( '<\/' );\n document.write( 'span>' );\n \/\/-->\n <\/script><\/span><\/span><\/p>\n<p style=\"line-height: 18pt; margin-bottom: 0in; text-align: right;\"><span style=\"font-size: 12pt; font-family: verdana,geneva;\"><strong>&#8211; Socios:<\/strong><br \/>\n <script language=\"JavaScript\" type=\"text\/javascript\">\n <!--\n var prefix = 'm&#97;&#105;lt&#111;:';\n var suffix = '';\n var attribs = '';\n var path = 'hr' + 'ef' + '=';\n var addy35871 = 's&#111;c&#105;&#111;s' + '&#64;';\n addy35871 = addy35871 + 'm&#117;rc&#105;&#97;&#101;nb&#105;c&#105;' + '&#46;' + '&#111;rg';\n document.write( '<a ' + path + '\\'' + prefix + addy35871 + suffix + '\\'' + attribs + '>' );\n document.write( addy35871 );\n document.write( '<\\\/a>' );\n \/\/-->\n <\/script><a href=\"mailto:socios@murciaenbici.org\">socios@murciaenbici.org<\/a><script language=\"JavaScript\" type=\"text\/javascript\">\n <!--\n document.write( '<span style=\\'display: none;\\'>' );\n \/\/-->\n <\/script><span style=\"display: none;\">Esta direcci\u00f3n electr\u00f3nica esta protegida contra spam bots. Necesita activar JavaScript para visualizarla<br \/>\n <script language=\"JavaScript\" type=\"text\/javascript\">\n <!--\n document.write( '<\/' );\n document.write( 'span>' );\n \/\/-->\n <\/script><\/span><\/span><\/p>\n<p style=\"line-height: 18pt; margin-bottom: 0in; text-align: right;\"><span style=\"font-size: 12pt; font-family: verdana,geneva;\"><strong>&#8211; Rutas.<\/strong><br \/>\n <script language=\"JavaScript\" type=\"text\/javascript\">\n <!--\n var prefix = 'm&#97;&#105;lt&#111;:';\n var suffix = '';\n var attribs = '';\n var path = 'hr' + 'ef' + '=';\n var addy22704 = 'r&#117;t&#97;s' + '&#64;';\n addy22704 = addy22704 + 'm&#117;rc&#105;&#97;&#101;nb&#105;c&#105;' + '&#46;' + '&#111;rg';\n document.write( '<a ' + path + '\\'' + prefix + addy22704 + suffix + '\\'' + attribs + '>' );\n document.write( addy22704 );\n document.write( '<\\\/a>' );\n \/\/-->\n <\/script><a href=\"mailto:rutas@murciaenbici.org\">rutas@murciaenbici.org<\/a><script language=\"JavaScript\" type=\"text\/javascript\">\n <!--\n document.write( '<span style=\\'display: none;\\'>' );\n \/\/-->\n <\/script><span style=\"display: none;\">Esta direcci\u00f3n electr\u00f3nica esta protegida contra spam bots. Necesita activar JavaScript para visualizarla<br \/>\n <script language=\"JavaScript\" type=\"text\/javascript\">\n <!--\n document.write( '<\/' );\n document.write( 'span>' );\n \/\/-->\n <\/script><\/span><\/span><\/p>\n<p style=\"line-height: 18pt; margin-bottom: 0in; text-align: right;\"><span style=\"font-size: 12pt; font-family: verdana,geneva;\"><strong>&#8211; Taller.<\/strong><br \/>\n <script language=\"JavaScript\" type=\"text\/javascript\">\n <!--\n var prefix = 'm&#97;&#105;lt&#111;:';\n var suffix = '';\n var attribs = '';\n var path = 'hr' + 'ef' + '=';\n var addy87764 = 't&#97;ll&#101;r' + '&#64;';\n addy87764 = addy87764 + 'm&#117;rc&#105;&#97;&#101;nb&#105;c&#105;' + '&#46;' + '&#111;rg';\n document.write( '<a ' + path + '\\'' + prefix + addy87764 + suffix + '\\'' + attribs + '>' );\n document.write( addy87764 );\n document.write( '<\\\/a>' );\n \/\/-->\n <\/script><a href=\"mailto:taller@murciaenbici.org\">taller@murciaenbici.org<\/a><script language=\"JavaScript\" type=\"text\/javascript\">\n <!--\n document.write( '<span style=\\'display: none;\\'>' );\n \/\/-->\n <\/script><span style=\"display: none;\">Esta direcci\u00f3n electr\u00f3nica esta protegida contra spam bots. Necesita activar JavaScript para visualizarla<br \/>\n <script language=\"JavaScript\" type=\"text\/javascript\">\n <!--\n document.write( '<\/' );\n document.write( 'span>' );\n \/\/-->\n <\/script><\/span><\/span><\/p>\n<p style=\"line-height: 18pt; margin-bottom: 0in; text-align: right;\"><span style=\"font-size: 12pt; font-family: verdana,geneva;\"><strong>&#8211; Vias Amables.<\/strong>&nbsp;<a href=\"mailto:&#10; &lt;script language='JavaScript' type='text\/javascript'&gt;&#10; &lt;!--&#10; var prefix = 'mailto:';&#10; var suffix = '';&#10; var attribs = '';&#10; var path = 'hr' + 'ef' + '=';&#10; var addy84798 = 'viasamables' + '@';&#10; addy84798 = addy84798 + 'murciaenbici' + '.' + 'org';&#10; document.write( '&lt;a ' + path + '\\'' + prefix + addy84798 + suffix + '\\'' + attribs + '&gt;' );&#10; document.write( addy84798 );&#10; document.write( '&lt;\\\/a&gt;' );&#10; \/\/--&gt;&#10; &lt;\/script&gt;&lt;script language='JavaScript' type='text\/javascript'&gt;&#10; &lt;!--&#10; document.write( '&lt;span style=\\'display: none;\\'&gt;' );&#10; \/\/--&gt;&#10; &lt;\/script&gt;Esta direcci\u00f3n electr\u00f3nica esta protegida contra spam bots. Necesita activar JavaScript para visualizarla&#10; &lt;script language='JavaScript' type='text\/javascript'&gt;&#10; &lt;!--&#10; document.write( '&lt;\/' );&#10; document.write( 'span&gt;' );&#10; \/\/--&gt;&#10; &lt;\/script&gt;\" style=\"text-decoration: underline;\"><br \/>\n <script language=\"JavaScript\" type=\"text\/javascript\">\n <!--\n var prefix = 'm&#97;&#105;lt&#111;:';\n var suffix = '';\n var attribs = '';\n var path = 'hr' + 'ef' + '=';\n var addy38324 = 'v&#105;&#97;s&#97;m&#97;bl&#101;s' + '&#64;';\n addy38324 = addy38324 + 'm&#117;rc&#105;&#97;&#101;nb&#105;c&#105;' + '&#46;' + '&#111;rg';\n document.write( '<a ' + path + '\\'' + prefix + addy38324 + suffix + '\\'' + attribs + '>' );\n document.write( addy38324 );\n document.write( '<\\\/a>' );\n \/\/-->\n <\/script><\/a><a href=\"mailto:viasamables@murciaenbici.org\">viasamables@murciaenbici.org<\/a><script language=\"JavaScript\" type=\"text\/javascript\">\n <!--\n document.write( '<span style=\\'display: none;\\'>' );\n \/\/-->\n <\/script><span style=\"display: none;\">Esta direcci\u00f3n electr\u00f3nica esta protegida contra spam bots. Necesita activar JavaScript para visualizarla<br \/>\n <script language=\"JavaScript\" type=\"text\/javascript\">\n <!--\n document.write( '<\/' );\n document.write( 'span>' );\n \/\/-->\n <\/script><\/span><\/span><\/p>\n<p style=\"text-align: right;\">&nbsp;<span style=\"font-family: verdana, geneva; font-size: 12pt;\"><strong> &#8211; Foto denuncias.<\/strong><br \/>\n <script language=\"JavaScript\" type=\"text\/javascript\">\n <!--\n var prefix = 'm&#97;&#105;lt&#111;:';\n var suffix = '';\n var attribs = '';\n var path = 'hr' + 'ef' + '=';\n var addy1500 = 'f&#111;t&#111;d&#101;n&#117;nc&#105;&#97;s' + '&#64;';\n addy1500 = addy1500 + 'm&#117;rc&#105;&#97;&#101;nb&#105;c&#105;' + '&#46;' + '&#111;rg';\n document.write( '<a ' + path + '\\'' + prefix + addy1500 + suffix + '\\'' + attribs + '>' );\n document.write( addy1500 );\n document.write( '<\\\/a>' );\n \/\/-->\n <\/script><a href=\"mailto:fotodenuncias@murciaenbici.org\">fotodenuncias@murciaenbici.org<\/a><script language=\"JavaScript\" type=\"text\/javascript\">\n <!--\n document.write( '<span style=\\'display: none;\\'>' );\n \/\/-->\n <\/script><span style=\"display: none;\">Esta direcci\u00f3n electr\u00f3nica esta protegida contra spam bots. Necesita activar JavaScript para visualizarla<br \/>\n <script language=\"JavaScript\" type=\"text\/javascript\">\n <!--\n document.write( '<\/' );\n document.write( 'span>' );\n \/\/-->\n <\/script><\/span><\/span><\/p>\n<p style=\"text-align: right;\">&nbsp;<\/p>\n<div><span style=\"font-size: 14pt; font-family: verdana,geneva;\">2. En<strong> nuestros locales:<\/strong><\/span><\/div>\n<div><span style=\"font-size: 16px;\"><span style=\"font-family: arial,helvetica,sans-serif;\">&nbsp;<\/span><\/span><\/div>\n<div><span style=\"font-size: 12pt; font-family: verdana,geneva;\">C\/ Capitan Balaca, 10. 30003 Vistabella. Murcia.<\/span><span style=\"font-size: 14pt; font-family: verdana,geneva;\"><strong><\/strong><\/span><\/div>\n<div><span style=\"font-size: 14pt; font-family: verdana,geneva;\">&nbsp;<\/span><\/div>\n<div><span style=\"font-size: 14pt; font-family: verdana,geneva;\">&nbsp;<\/span><\/div>\n<div><span style=\"font-size: 14pt; font-family: verdana,geneva;\">3. Por<strong> tel\u00e9fono:<\/strong><\/span><\/div>\n<div><span style=\"font-size: 14pt; font-family: verdana,geneva;\"><strong>&nbsp;<\/strong><\/span><\/div>\n<div><span style=\"font-size: 12pt; font-family: verdana,geneva;\">652369371.&nbsp;<br data-mce-bogus=\"1\"><\/span><\/div>\n<div style=\"font-family: verdana,geneva; font-size: 12pt; line-height: 18pt;\"><\/p>\n<div style=\"font-family: verdana,geneva; font-size: 12pt; line-height: 18pt;\"><span style=\"font-size: 12pt; font-family: verdana,geneva;\">4. <span style=\"font-size: 14pt;\">Seguirnos en <strong>Twitter<\/strong><\/span> en la direcci\u00f3n&nbsp;<a><\/a><a href=\"http:\/\/twitter.com\/murciaenbici\">http:\/\/twitter.com\/murciaenbici<\/a><\/span><\/div>\n<div style=\"font-family: verdana,geneva; font-size: 12pt; line-height: 18pt;\"><span style=\"font-size: 12pt; font-family: verdana,geneva;\">&nbsp;O bien enviando un <span style=\"font-size: 14pt;\"><strong>mensaje directo desde Twitter<\/strong><\/span> a @murciaenbici<br \/><\/span><\/div>\n<div style=\"font-family: verdana,geneva; font-size: 12pt; line-height: 18pt;\"><span style=\"font-size: 12pt; font-family: verdana,geneva;\">&nbsp;<\/span><\/div>\n<div style=\"font-family: verdana,geneva; font-size: 12pt; line-height: 18pt;\"><span style=\"font-size: 12pt; font-family: verdana,geneva;\">5. <span style=\"font-size: 14pt;\">En <strong>facebook<\/strong>,<\/span>&nbsp;<a target=\"_blank\" href=\"http:\/\/www.facebook.com\/murciaenbici.org\">http:\/\/www.facebook.com\/murciaenbici.org<\/a><\/span><\/div>\n<div><span style=\"font-family: verdana,geneva; font-size: 12pt;\"><strong>&nbsp;<\/strong><\/span><\/div>\n<\/div>\n<div style=\"height:40px;\">\n<div id=\"fb-root\" class=\" fb_reset\">\n<div style=\"position: absolute; top: -10000px; height: 0px; width: 0px;\">\n<div><iframe name=\"fb_xdm_frame_http\" frameborder=\"0\" allowtransparency=\"true\" allowfullscreen=\"true\" scrolling=\"no\" id=\"fb_xdm_frame_http\" aria-hidden=\"true\" title=\"Facebook Cross Domain Communication Frame\" tabindex=\"-1\" src=\"http:\/\/staticxx.facebook.com\/connect\/xd_arbiter\/r\/lY4eZXm_YWu.js?version=42#channel=f235f8fe3d9d53&amp;origin=http%3A%2F%2Fmurciaenbici.org\" style=\"border: none;\"><\/iframe><iframe name=\"fb_xdm_frame_https\" frameborder=\"0\" allowtransparency=\"true\" allowfullscreen=\"true\" scrolling=\"no\" id=\"fb_xdm_frame_https\" aria-hidden=\"true\" title=\"Facebook Cross Domain Communication Frame\" tabindex=\"-1\" src=\"https:\/\/staticxx.facebook.com\/connect\/xd_arbiter\/r\/lY4eZXm_YWu.js?version=42#channel=f235f8fe3d9d53&amp;origin=http%3A%2F%2Fmurciaenbici.org\" style=\"border: none;\"><\/iframe><\/div>\n<\/div>\n<div style=\"position: absolute; top: -10000px; height: 0px; width: 0px;\">\n<div><\/div>\n<\/div>\n<\/div>\n<div class=\"cmp_like_container\" style=\"float:left;margin:10px;\"><fb:like href=\"http:\/\/murciaenbici.org\/joomla\/contactar.html\" layout=\"button_count\" show_faces=\"true\" send=\"true\" width=\"\" action=\"like\" font=\"arial\" colorscheme=\"light\" class=\" fb_iframe_widget\" fb-xfbml-state=\"rendered\" fb-iframe-plugin-query=\"action=like&amp;app_id=&amp;color_scheme=light&amp;container_width=0&amp;font=arial&amp;href=http%3A%2F%2Fmurciaenbici.org%2Fjoomla%2Fcontactar.html&amp;layout=button_count&amp;locale=en_US&amp;sdk=joey&amp;send=true&amp;show_faces=true\"><span style=\"vertical-align: bottom; width: 106px; height: 20px;\"><\/span><\/fb:like>\n<\/div>\n<\/div>\n","protected":false},"excerpt":{"rendered":"<p>&nbsp; &nbsp; &nbsp; Puedes contactar con nosotros de seis formas: &nbsp; 1. Por correo el\u00e9ctronico: &nbsp; Seg\u00fan la tem\u00e1tica a las siguientes direcciones: &nbsp; &#8211; Informaci\u00f3n.<span class=\"excerpt-hellip\"> [\u2026]<\/span><\/p>\n","protected":false},"author":1,"featured_media":0,"parent":0,"menu_order":0,"comment_status":"open","ping_status":"open","template":"","meta":{"footnotes":""},"acf":[],"_links":{"self":[{"href":"https:\/\/murciaenbici.org\/index.php?rest_route=\/wp\/v2\/pages\/12"}],"collection":[{"href":"https:\/\/murciaenbici.org\/index.php?rest_route=\/wp\/v2\/pages"}],"about":[{"href":"https:\/\/murciaenbici.org\/index.php?rest_route=\/wp\/v2\/types\/page"}],"author":[{"embeddable":true,"href":"https:\/\/murciaenbici.org\/index.php?rest_route=\/wp\/v2\/users\/1"}],"replies":[{"embeddable":true,"href":"https:\/\/murciaenbici.org\/index.php?rest_route=%2Fwp%2Fv2%2Fcomments&post=12"}],"version-history":[{"count":9,"href":"https:\/\/murciaenbici.org\/index.php?rest_route=\/wp\/v2\/pages\/12\/revisions"}],"predecessor-version":[{"id":232,"href":"https:\/\/murciaenbici.org\/index.php?rest_route=\/wp\/v2\/pages\/12\/revisions\/232"}],"wp:attachment":[{"href":"https:\/\/murciaenbici.org\/index.php?rest_route=%2Fwp%2Fv2%2Fmedia&parent=12"}],"curies":[{"name":"wp","href":"https:\/\/api.w.org\/{rel}","templated":true}]}}