{"id":168,"date":"2017-12-28T08:38:54","date_gmt":"2017-12-28T08:38:54","guid":{"rendered":"http:\/\/murciaenbici.org\/?page_id=168"},"modified":"2022-07-19T20:11:02","modified_gmt":"2022-07-19T20:11:02","slug":"presentacion","status":"publish","type":"page","link":"https:\/\/murciaenbici.org\/?page_id=168","title":{"rendered":"Presentaci\u00f3n"},"content":{"rendered":"<p style=\"color: #000001; font-family: Verdana,Tahoma,Arial,sans-serif,'MS Sans serif'; font-size: 14px; line-height: 21px; text-align: justify;\">\n<p style=\"color: #000001; font-family: Verdana,Tahoma,Arial,sans-serif,'MS Sans serif'; font-size: 14px; line-height: 21px; text-align: justify;\"><span style=\"font-size: 12pt;\"><span style=\"font-family: verdana,geneva;\">La Asociaci\u00f3n Murcia en Bici es una asociaci\u00f3n ciudadana de usuarios de la bicicleta sin afiliaci\u00f3n pol\u00edtica ni \u00e1nimo de lucro.<\/span> <\/span><\/p>\n<p style=\"color: #000001; font-family: Verdana,Tahoma,Arial,sans-serif,'MS Sans serif'; font-size: 14px; line-height: 21px; text-align: justify;\"><span style=\"font-size: 12pt; font-family: verdana,geneva;\"><em>Constituida en el a\u00f1o 2003,<\/em> trabajamos para <strong>fomentar en el municipio de Murcia la cultura de la bicicleta como medio de transporte y ocio, en el marco de los principios de la movilidad sostenible.<\/strong><\/span><\/p>\n<p style=\"color: #000001; font-family: Verdana,Tahoma,Arial,sans-serif,'MS Sans serif'; font-size: 14px; line-height: 21px; text-align: justify;\"><span style=\"font-size: 12pt;\"><strong>\u00a0<\/strong><\/span><\/p>\n<p style=\"color: #000001; font-family: Verdana,Tahoma,Arial,sans-serif,'MS Sans serif'; font-size: 14px; line-height: 21px; text-align: justify;\"><span style=\"font-size: 12pt;\"><strong>\u00a0<\/strong><\/span><\/p>\n<p style=\"color: #000001; font-family: Verdana,Tahoma,Arial,sans-serif,'MS Sans serif'; font-size: 14px; line-height: 21px; text-align: justify;\"><span style=\"font-size: 14pt;\"><strong style=\"font-family: arial;\"><span style=\"font-family: verdana,geneva;\"><strong><span style=\"font-size: 14pt;\">Qu\u00e9 queremos<\/span><\/strong><\/span><\/strong><\/span><\/p>\n<p style=\"color: #000001; font-family: Verdana,Tahoma,Arial,sans-serif,'MS Sans serif'; font-size: 14px; line-height: 21px; text-align: justify;\"><span style=\"font-size: 14pt;\"><strong style=\"font-family: arial;\"><span style=\"font-family: verdana,geneva;\"><strong><span style=\"font-size: 14pt;\">\u00a0<\/span><\/strong><\/span><\/strong><\/span><\/p>\n<ul style=\"color: #000001; font-size: 11px; line-height: 23px; font-family: arial; text-align: justify;\">\n<li><span style=\"font-size: 12pt; font-family: verdana,geneva;\"><em><strong>Promover pol\u00edticas p\u00fablicas<\/strong><\/em> orientadas a conseguir las condiciones adecuadas para un <em><strong>uso seguro y agradable de la bicicleta<\/strong><\/em> en el municipio de Murcia, en<em> alianza<\/em> con los otros dos actores centrales de la movilidad sostenible: <em>los peatones y el transporte p\u00fablico.<\/em><\/span><\/li>\n<li><span style=\"font-size: 12pt; font-family: verdana,geneva;\">Lograr la <em><strong>normalizaci\u00f3n de la bicicleta en la vida urbana,<\/strong><\/em> dentro de un <em>nuevo concepto de ciudad pensada para las personas y no para los autom\u00f3viles.<\/em><\/span><\/li>\n<li><span style=\"font-size: 12pt; font-family: verdana,geneva;\"><em>Aumentar la conciencia ciudadana sobre los problemas que est\u00e1 provocando el actual modelo de movilidad<\/em> sobre la salud y el medio ambiente (contaminaci\u00f3n, ruido, accidentalidad, obesidad, ocupaci\u00f3n del espacio ciudadano por el autom\u00f3vil, dependencia y vulnerabilidad de ni\u00f1os y ancianos, etc.) y la <em><strong>necesidad de cambiar nuestros h\u00e1bitos de desplazamiento.<\/strong><\/em><\/span><\/li>\n<li><span style=\"font-size: 12pt; font-family: verdana,geneva;\"><em><strong>Promover la bicicleta como medio de transporte barato, saludable y no contaminante, como elemento cultural y de ocio y como atractivo tur\u00edstico.<\/strong><\/em><\/span><\/li>\n<\/ul>\n<p style=\"text-align: justify;\"><span style=\"font-size: 14pt;\">\u00a0<\/span><\/p>\n<p style=\"text-align: justify;\"><span style=\"font-family: verdana,geneva;\"><strong><span style=\"font-size: 14pt;\">D\u00f3nde estamos. Horario de atenci\u00f3n.<\/span><\/strong><\/span><\/p>\n<p style=\"text-align: justify;\"><span style=\"font-family: verdana,geneva;\"><span style=\"font-size: 12pt;\">\u00a0<\/span><\/span><\/p>\n<p style=\"text-align: justify;\"><span style=\"font-family: verdana,geneva;\"><span style=\"font-size: 12pt; color: black;\">Todos los mi\u00e9rcoles pod\u00e9is encontrar a un miembro de la Junta Directiva de 19:00 h a 20:45 h en la Asociaci\u00f3n de Vecinos de Vistabella, calle Capit\u00e1n Balaca, 10.\u00a0 <\/span><span style=\"font-size: 12pt;\"><span style=\"line-height: 18px;\">(<a href=\"http:\/\/goo.gl\/maps\/5eeS5\" target=\"_blank\" rel=\"noopener\">Mapa de acceso <\/a>) que atendera a cualquier persona interesada en nuestra asociaci\u00f3n. <\/span><br \/>\n<\/span><\/span><\/p>\n<p style=\"text-align: justify;\"><span style=\"font-size: 14pt; font-family: verdana,geneva;\"><strong>Nuestras reuniones de coordinaci\u00f3n<\/strong><\/span><\/p>\n<p style=\"line-height: normal;\"><span style=\"font-size: 12pt;\">\u00a0<\/span><\/p>\n<p style=\"line-height: normal;\"><span style=\"font-size: 12pt; font-family: 'Verdana','sans-serif'; color: black;\">Habitualmente<\/span><span style=\"font-size: 12pt; font-family: 'Verdana','sans-serif'; color: black;\">, el <strong>segundo y \u00faltimo mi\u00e9rcoles de cada mes<\/strong>, realizamos las reuniones de coordinaci\u00f3n de los diferentes grupos de trabajo, en horario <strong>de 20:45 H a 22:00 H.\u00a0<\/strong> <\/span><\/p>\n<p style=\"line-height: normal;\"><span style=\"font-size: 12pt; font-family: 'Verdana','sans-serif'; color: black;\"><strong>\u00a0<\/strong><\/span><\/p>\n<p style=\"line-height: normal;\"><span style=\"font-size: 12pt; font-family: 'Verdana','sans-serif'; color: black;\"><strong>Previamente a su realizaci\u00f3n, enviaremos una convocatoria a trav\u00e9s de nuestra lista de correo de socios<\/strong> con la que adjuntaremos <span style=\"font-size: 12pt;\"><span style=\"font-size: 12pt; font-family: 'Verdana','sans-serif'; color: black;\">el ORDEN DEL D\u00cdA\u00a0 de los asuntos a tratar y los documentos de trabajo para el desarrollo de los mismos.<\/span><\/span><\/span><\/p>\n<p style=\"text-align: justify;\"><span style=\"font-size: 12pt;\">\u00a0<\/span><\/p>\n<p style=\"font-family: verdana,geneva; font-size: 12pt; line-height: 16pt; color: #000001; text-align: justify;\"><span style=\"font-size: 14pt; font-family: verdana,geneva;\"><strong>Emitimos informaci\u00f3n por varios canales.<\/strong> <\/span><\/p>\n<p style=\"font-family: verdana,geneva; font-size: 12pt; line-height: 16pt; color: #000001; text-align: justify;\"><span style=\"font-size: 14pt; font-family: verdana,geneva;\"><strong>\u00a0<\/strong><\/span><\/p>\n<p style=\"font-family: verdana,geneva; font-size: 12pt; line-height: 16pt; color: #000001; text-align: justify;\"><span style=\"font-size: 12pt;\">No es necesario darse de alta en todos, basta con uno s\u00f3lo para ser notificado de nuestras actividades, rutas, noticias, etc. Usa el que te sea m\u00e1s c\u00f3modo.<\/span><\/p>\n<p style=\"text-align: right; line-height: 16pt;\" align=\"right\"><span style=\"font-size: 12pt;\">Para memorizar f\u00e1cilmente dichos canales basta con recordar las siguientes direcciones:<\/span><\/p>\n<p style=\"text-align: right; line-height: 16pt;\" align=\"right\"><strong><span style=\"font-size: 12pt; font-family: 'Verdana','sans-serif'; color: #000001;\">\u00a0<\/span><\/strong><\/p>\n<p style=\"text-align: right; line-height: 16pt;\" align=\"right\"><strong><span style=\"font-size: 12pt; font-family: 'Verdana','sans-serif'; color: #000001;\">Web -&gt; <\/span><\/strong><span style=\"font-size: 12pt; font-family: 'Verdana','sans-serif'; color: #000001;\"><a href=\"\/joomla\/..\/\" target=\"_blank\" rel=\"noopener\"><span style=\"color: blue;\">www.murciaenbici.org<\/span><\/a><\/span><\/p>\n<p style=\"text-align: right; line-height: 16pt;\" align=\"right\"><strong><span style=\"font-size: 12pt; font-family: 'Verdana','sans-serif'; color: #000001;\">Facebook -&gt; <\/span><\/strong><span style=\"font-size: 12pt; font-family: 'Verdana','sans-serif'; color: #000001;\"><a href=\"\/joomla\/..\/facebook\" target=\"_blank\" rel=\"noopener\"><span style=\"color: blue;\">murciaenbici.org\/facebook<\/span><\/a><\/span><\/p>\n<p style=\"text-align: right; line-height: 16pt;\" align=\"right\"><strong><span style=\"font-size: 12pt; font-family: 'Verdana','sans-serif'; color: #000001;\">Twitter -&gt; <\/span><\/strong><span style=\"font-size: 12pt; font-family: 'Verdana','sans-serif'; color: #000001;\"><a href=\"\/joomla\/..\/twitter\" target=\"_blank\" rel=\"noopener\"><span style=\"color: blue;\">murciaenbici.org\/twitter<\/span><\/a><\/span><\/p>\n<p style=\"text-align: right; line-height: 16pt;\" align=\"right\"><strong style=\"font-family: verdana, geneva; font-size: 12pt; line-height: 16pt; background-color: transparent;\"><span style=\"font-size: 12pt; font-family: 'Verdana','sans-serif'; color: #000001;\">Lista de distribuci\u00f3n -&gt; <\/span><\/strong><span style=\"font-size: 12pt;\"><a href=\"\/joomla\/lista-de-distribucion.html\" target=\"_blank\" rel=\"noopener\"><span style=\"color: blue;\">murciaenbici.org\/listadedistribucion<\/span><\/a><\/span><\/p>\n<p style=\"font-family: verdana,geneva; font-size: 12pt; line-height: 16pt; text-align: justify;\"><span style=\"font-size: 12pt;\">Para darse de alta envia un mensaje con tu nombre y apellidos a <a><br \/>\n<script language=\"JavaScript\" type=\"text\/javascript\"><br \/>\n <!--\n var prefix = 'm&#97;&#105;lt&#111;:';\n var suffix = '';\n var attribs = '';\n var path = 'hr' + 'ef' + '=';\n var addy51635 = '&#105;nf&#111;' + '&#64;';\n addy51635 = addy51635 + 'm&#117;rc&#105;&#97;&#101;nb&#105;c&#105;' + '&#46;' + '&#111;rg';\n document.write( '<a ' + path + '\\'' + prefix + addy51635 + suffix + '\\'' + attribs + '>' );\n document.write( addy51635 );\n document.write( '<\\\/a>' );\n \/\/--><br \/>\n <\/script><\/a><a href=\"mailto:info@murciaenbici.org\">info@murciaenbici.org<\/a><script language=\"JavaScript\" type=\"text\/javascript\"><br \/>\n <!--\n document.write( '<span style=\\'display: none;\\'>' );\n \/\/--><br \/>\n <\/script><span style=\"display: none;\">Esta direcci\u00f3n electr\u00f3nica esta protegida contra spam bots. Necesita activar JavaScript para visualizarla<br \/>\n<script language=\"JavaScript\" type=\"text\/javascript\"><br \/>\n <!--\n document.write( '<\/' );\n document.write( 'span>' );\n \/\/--><br \/>\n <\/script><\/span> <\/span><span style=\"font-size: 12pt;\">indicando en el asunto alta lista distribuci\u00f3<\/span><span style=\"font-family: verdana,geneva; font-size: 12pt;\">n. Recibir\u00e1s mensajes de las noticias y art\u00edculos que se vayan publicando en nuestro web.<br \/>\n<\/span><\/p>\n<p style=\"font-family: verdana,geneva; font-size: 12pt; line-height: 16pt; color: #000001; text-align: justify;\"><span style=\"font-family: verdana,geneva; font-size: 12pt;\">\u00a0<\/span><\/p>\n<p style=\"font-family: verdana,geneva; font-size: 12pt; line-height: 16pt; color: #000001; text-align: center;\"><span style=\"font-family: verdana,geneva; font-size: 12pt;\"><strong>Para cualquier duda escr\u00edbenos a<\/strong><br \/>\n<a href=\"mailto:info@murciaenbici.org\">info@murciaenbici.org<\/a><span style=\"display: none;\">Esta direcci\u00f3n electr\u00f3nica esta protegida contra spam bots. Necesita activar JavaScript para visualizarla<br \/>\n<script language=\"JavaScript\" type=\"text\/javascript\"><br \/>\n <!--\n document.write( '<\/' );\n document.write( 'span>' );\n \/\/--><br \/>\n <\/script><\/span><\/span><\/p>\n","protected":false},"excerpt":{"rendered":"<p>La Asociaci\u00f3n Murcia en Bici es una asociaci\u00f3n ciudadana de usuarios de la bicicleta sin afiliaci\u00f3n pol\u00edtica ni \u00e1nimo de lucro. Constituida en el a\u00f1o 2003,<span class=\"excerpt-hellip\"> [\u2026]<\/span><\/p>\n","protected":false},"author":1,"featured_media":0,"parent":0,"menu_order":0,"comment_status":"closed","ping_status":"closed","template":"","meta":{"footnotes":""},"acf":[],"_links":{"self":[{"href":"https:\/\/murciaenbici.org\/index.php?rest_route=\/wp\/v2\/pages\/168"}],"collection":[{"href":"https:\/\/murciaenbici.org\/index.php?rest_route=\/wp\/v2\/pages"}],"about":[{"href":"https:\/\/murciaenbici.org\/index.php?rest_route=\/wp\/v2\/types\/page"}],"author":[{"embeddable":true,"href":"https:\/\/murciaenbici.org\/index.php?rest_route=\/wp\/v2\/users\/1"}],"replies":[{"embeddable":true,"href":"https:\/\/murciaenbici.org\/index.php?rest_route=%2Fwp%2Fv2%2Fcomments&post=168"}],"version-history":[{"count":5,"href":"https:\/\/murciaenbici.org\/index.php?rest_route=\/wp\/v2\/pages\/168\/revisions"}],"predecessor-version":[{"id":311,"href":"https:\/\/murciaenbici.org\/index.php?rest_route=\/wp\/v2\/pages\/168\/revisions\/311"}],"wp:attachment":[{"href":"https:\/\/murciaenbici.org\/index.php?rest_route=%2Fwp%2Fv2%2Fmedia&parent=168"}],"curies":[{"name":"wp","href":"https:\/\/api.w.org\/{rel}","templated":true}]}}